{"id":58,"date":"2021-07-24T16:40:57","date_gmt":"2021-07-24T16:40:57","guid":{"rendered":"https:\/\/sonja-andris.de\/?page_id=58"},"modified":"2026-04-18T18:17:16","modified_gmt":"2026-04-18T18:17:16","slug":"schlafberatung","status":"publish","type":"page","link":"https:\/\/sonja-andris.de\/index.php\/schlafberatung\/","title":{"rendered":"Schlafberatung"},"content":{"rendered":"\t\t<div data-elementor-type=\"wp-page\" data-elementor-id=\"58\" class=\"elementor elementor-58\">\n\t\t\t\t\t\t<section class=\"elementor-section elementor-top-section elementor-element elementor-element-2dbff61 elementor-section-boxed elementor-section-height-default elementor-section-height-default\" data-id=\"2dbff61\" data-element_type=\"section\" data-e-type=\"section\">\n\t\t\t\t\t\t<div class=\"elementor-container elementor-column-gap-default\">\n\t\t\t\t\t<div class=\"elementor-column elementor-col-100 elementor-top-column elementor-element elementor-element-5ff3903\" data-id=\"5ff3903\" data-element_type=\"column\" data-e-type=\"column\">\n\t\t\t<div class=\"elementor-widget-wrap elementor-element-populated\">\n\t\t\t\t\t\t<div class=\"elementor-element elementor-element-2542fe4 elementor-widget elementor-widget-spacer\" data-id=\"2542fe4\" data-element_type=\"widget\" data-e-type=\"widget\" data-widget_type=\"spacer.default\">\n\t\t\t\t<div class=\"elementor-widget-container\">\n\t\t\t\t\t\t\t<div class=\"elementor-spacer\">\n\t\t\t<div class=\"elementor-spacer-inner\"><\/div>\n\t\t<\/div>\n\t\t\t\t\t\t<\/div>\n\t\t\t\t<\/div>\n\t\t\t\t\t<\/div>\n\t\t<\/div>\n\t\t\t\t\t<\/div>\n\t\t<\/section>\n\t\t\t\t<section class=\"elementor-section elementor-top-section elementor-element elementor-element-5655294a elementor-section-boxed elementor-section-height-default elementor-section-height-default\" data-id=\"5655294a\" data-element_type=\"section\" data-e-type=\"section\" data-settings=\"{&quot;background_background&quot;:&quot;classic&quot;}\">\n\t\t\t\t\t\t<div class=\"elementor-container elementor-column-gap-default\">\n\t\t\t\t\t<div class=\"elementor-column elementor-col-100 elementor-top-column elementor-element elementor-element-5bd86192\" data-id=\"5bd86192\" data-element_type=\"column\" data-e-type=\"column\">\n\t\t\t<div class=\"elementor-widget-wrap elementor-element-populated\">\n\t\t\t\t\t\t<div class=\"elementor-element elementor-element-4c92d91 elementor-widget elementor-widget-image\" data-id=\"4c92d91\" data-element_type=\"widget\" data-e-type=\"widget\" data-widget_type=\"image.default\">\n\t\t\t\t<div class=\"elementor-widget-container\">\n\t\t\t\t\t\t\t\t\t\t\t\t\t\t\t<img decoding=\"async\" src=\"https:\/\/sonja-andris.de\/wp-content\/uploads\/2021\/07\/Schlaf_Start_6259.jpg\" title=\"Schlaf_Start_6259\" alt=\"Schlaf_Start_6259\" loading=\"lazy\" \/>\t\t\t\t\t\t\t\t\t\t\t\t\t\t\t<\/div>\n\t\t\t\t<\/div>\n\t\t\t\t<div class=\"elementor-element elementor-element-0ba7409 e-transform elementor-widget elementor-widget-image\" data-id=\"0ba7409\" data-element_type=\"widget\" data-e-type=\"widget\" data-settings=\"{&quot;_transform_scale_effect_mobile&quot;:{&quot;unit&quot;:&quot;px&quot;,&quot;size&quot;:2,&quot;sizes&quot;:[]},&quot;_transform_scale_effect&quot;:{&quot;unit&quot;:&quot;px&quot;,&quot;size&quot;:&quot;&quot;,&quot;sizes&quot;:[]},&quot;_transform_scale_effect_tablet&quot;:{&quot;unit&quot;:&quot;px&quot;,&quot;size&quot;:&quot;&quot;,&quot;sizes&quot;:[]}}\" data-widget_type=\"image.default\">\n\t\t\t\t<div class=\"elementor-widget-container\">\n\t\t\t\t\t\t\t\t\t\t\t\t\t\t\t<img fetchpriority=\"high\" decoding=\"async\" width=\"512\" height=\"512\" src=\"https:\/\/sonja-andris.de\/wp-content\/uploads\/2023\/05\/Schlaf-Icon_Text_B-1.jpg\" class=\"attachment-full size-full wp-image-408\" alt=\"\" srcset=\"https:\/\/sonja-andris.de\/wp-content\/uploads\/2023\/05\/Schlaf-Icon_Text_B-1.jpg 512w, https:\/\/sonja-andris.de\/wp-content\/uploads\/2023\/05\/Schlaf-Icon_Text_B-1-300x300.jpg 300w, https:\/\/sonja-andris.de\/wp-content\/uploads\/2023\/05\/Schlaf-Icon_Text_B-1-150x150.jpg 150w\" sizes=\"(max-width: 512px) 100vw, 512px\" \/>\t\t\t\t\t\t\t\t\t\t\t\t\t\t\t<\/div>\n\t\t\t\t<\/div>\n\t\t\t\t<div class=\"elementor-element elementor-element-5ba7ec0c elementor-widget elementor-widget-text-editor\" data-id=\"5ba7ec0c\" data-element_type=\"widget\" data-e-type=\"widget\" data-widget_type=\"text-editor.default\">\n\t\t\t\t<div class=\"elementor-widget-container\">\n\t\t\t\t\t\t\t\t\t<h4><span lang=\"en-US\">Schlafberatung f\u00fcr Babys und Kleinkinder<\/span><\/h4><p><span lang=\"en-US\">Schlafen ist oft alles andere als <\/span>k<span lang=\"en-US\">inderleich<\/span>t \u2013 und m<span lang=\"en-US\">anchmal braucht es einfach<\/span> ein bisschen Unterst\u00fctzung.<br \/>Gemeinsam finden wir M\u00f6glichkeiten und Wege, damit die N\u00e4chte wieder geruhsamer und die Tage entspannter werden.<\/p><p>Mein Ziel ist es, dir Schritte und Hilfestellungen an die Hand zu geben, damit die Gro\u00dfen wieder erholsameren Schlaf erleben und die Kleinen langfristig gute Schl\u00e4fer werden. Meine Schlafberatung ist individuell, ganzheitlich, bindungsorientiert und auf den jeweiligen Entwicklungsstand deines Kindes abgestimmt.<\/p><p>\u00a0<\/p><h4>Inhalt \/ <span lang=\"en-US\">Ablauf einer Schlafberatung<\/span><\/h4><p style=\"text-align: left;\">Es gibt in meiner Beratung kein Patentrezept f\u00fcr guten Baby- und Kinderschlaf. So wie jedes Kind und jede Familie einzigartig ist, ist auch jede Beratung individuell auf die Bed\u00fcrfnisse aller Familienmitglieder abgestimmt.<br \/>In der Beratung besprechen wir eure momentane Situation, welche Belastungsfaktoren bestehen, schauen, wieviel Schlaf dein Kind wirklich braucht und finden einen Mix aus Vertrauen, Mut, Geduld und Zuversicht, gepaart mit fundiertem Hintergrund Wissen \u00fcber die kindliche Entwicklung und das Schlafverhalten.<br \/>Wir entwickeln gemeinsam L\u00f6sungsans\u00e4tze, die dir langfristig helfen und dein Kind in seinem nat\u00fcrlichen Rhythmus und seiner Entwicklung unterst\u00fctzen und ung\u00fcnstige Schlafgewohnheiten ver\u00e4ndern. Du entscheidest dabei selbst, welche Schritte ihr geht und welche Ziele ihr erreichen wollt. So ebnen wir euren pers\u00f6nlichen Weg zu geruhsameren N\u00e4chten und einem \u201eausgeschlafenerem\u201c Familienalltag.<\/p>\t\t\t\t\t\t\t\t<\/div>\n\t\t\t\t<\/div>\n\t\t\t\t<div class=\"elementor-element elementor-element-f48bb14 elementor-widget elementor-widget-image\" data-id=\"f48bb14\" data-element_type=\"widget\" data-e-type=\"widget\" data-widget_type=\"image.default\">\n\t\t\t\t<div class=\"elementor-widget-container\">\n\t\t\t\t\t\t\t\t\t\t\t\t\t\t\t<img decoding=\"async\" src=\"https:\/\/sonja-andris.de\/wp-content\/uploads\/2021\/07\/Sleep2_1200.jpg\" title=\"Sleep2_1200\" alt=\"Sleep2_1200\" loading=\"lazy\" \/>\t\t\t\t\t\t\t\t\t\t\t\t\t\t\t<\/div>\n\t\t\t\t<\/div>\n\t\t\t\t\t<\/div>\n\t\t<\/div>\n\t\t\t\t\t<\/div>\n\t\t<\/section>\n\t\t\t\t<section class=\"elementor-section elementor-top-section elementor-element elementor-element-432935f elementor-section-boxed elementor-section-height-default elementor-section-height-default\" data-id=\"432935f\" data-element_type=\"section\" data-e-type=\"section\" data-settings=\"{&quot;background_background&quot;:&quot;classic&quot;}\">\n\t\t\t\t\t\t<div class=\"elementor-container elementor-column-gap-default\">\n\t\t\t\t\t<div class=\"elementor-column elementor-col-100 elementor-top-column elementor-element elementor-element-bc97ef8\" data-id=\"bc97ef8\" data-element_type=\"column\" data-e-type=\"column\">\n\t\t\t<div class=\"elementor-widget-wrap elementor-element-populated\">\n\t\t\t\t\t\t<div class=\"elementor-element elementor-element-7cf6a0a elementor-widget elementor-widget-text-editor\" data-id=\"7cf6a0a\" data-element_type=\"widget\" data-e-type=\"widget\" data-widget_type=\"text-editor.default\">\n\t\t\t\t<div class=\"elementor-widget-container\">\n\t\t\t\t\t\t\t\t\t<h4>Kosten \/ Dauer \/ Ort<\/h4><p>Eine individuelle Einzel- oder Paarberatung\u00a0 kostet 60 \u20ac pro Stunde, inklusive Erstkontakt zur passenden Terminfindung und Abkl\u00e4rung eventueller Fragen. Berechnet wird nur die tats\u00e4chlich ben\u00f6tigte Zeit. Eine Anfahrt bis 5 Kilometer ist kostenfrei, dar\u00fcber hinaus wird jeder Kilometer mit 0,40 \u20ac berechnet.<\/p><p>In der Regel reicht eine Beratung von ca. ein bis zwei Stunden aus, um auf alle wichtigen Fragen einzugehen und passende L\u00f6sungsans\u00e4tze zu entwickeln.\u00a0<\/p><p>Die Schlafberatung findet bei dir zu Hause in vertrauter Umgebung oder in meinem Kursraum in March-Hugstetten statt. Wenn du nicht aus der n\u00e4heren Umgebung kommst oder eine Online-Beratung bevorzugst, ist auch dies gerne m\u00f6glich.<\/p>\t\t\t\t\t\t\t\t<\/div>\n\t\t\t\t<\/div>\n\t\t\t\t\t<\/div>\n\t\t<\/div>\n\t\t\t\t\t<\/div>\n\t\t<\/section>\n\t\t\t\t<section class=\"elementor-section elementor-top-section elementor-element elementor-element-3106620 elementor-section-boxed elementor-section-height-default elementor-section-height-default\" data-id=\"3106620\" data-element_type=\"section\" data-e-type=\"section\" data-settings=\"{&quot;background_background&quot;:&quot;classic&quot;}\">\n\t\t\t\t\t\t<div class=\"elementor-container elementor-column-gap-default\">\n\t\t\t\t\t<div class=\"elementor-column elementor-col-50 elementor-top-column elementor-element elementor-element-2ec8dc3\" data-id=\"2ec8dc3\" data-element_type=\"column\" data-e-type=\"column\">\n\t\t\t<div class=\"elementor-widget-wrap elementor-element-populated\">\n\t\t\t\t\t\t<div class=\"elementor-element elementor-element-f5a6876 elementor-widget elementor-widget-text-editor\" data-id=\"f5a6876\" data-element_type=\"widget\" data-e-type=\"widget\" data-widget_type=\"text-editor.default\">\n\t\t\t\t<div class=\"elementor-widget-container\">\n\t\t\t\t\t\t\t\t\t<h4>\u00dcber mich<\/h4><p>Mein Name ist Sonja Andris, ich habe zwei erwachsene Kinder und lebe mit meinem Mann in March, bei Freiburg.<\/p><p>Ich bin Erzieherin, Fachwirtin f\u00fcr Organisation und F\u00fchrung, PEKiP Gruppenleiterin, Schlafberaterin, Still- und Laktationsberaterin (StillspezialistIn<sup>\u00ae<\/sup>) mit weiteren Fortbildungen in den Bereichen Kommunikation, Hilfen f\u00fcr Schreibabys und Entwicklungsbesonderheiten im ersten Lebensjahr.<\/p><p>Mit der Geburt meines ersten Kindes bekam Schlafen eine v\u00f6llig neue Bedeutung \u2026<\/p><p>Auch in meinen PEKiP-Gruppen ist das Thema Schlaf ein st\u00e4ndiger Begleiter. Um Familien hier noch besser und individueller unterst\u00fctzen zu k\u00f6nnen, habe ich Fortbildungen besucht und mich als Schlafberaterin zertifiziert.<\/p>\t\t\t\t\t\t\t\t<\/div>\n\t\t\t\t<\/div>\n\t\t\t\t\t<\/div>\n\t\t<\/div>\n\t\t\t\t<div class=\"elementor-column elementor-col-50 elementor-top-column elementor-element elementor-element-a78a7c6\" data-id=\"a78a7c6\" data-element_type=\"column\" data-e-type=\"column\">\n\t\t\t<div class=\"elementor-widget-wrap elementor-element-populated\">\n\t\t\t\t\t\t<div class=\"elementor-element elementor-element-8f704e9 elementor-widget elementor-widget-image\" data-id=\"8f704e9\" data-element_type=\"widget\" data-e-type=\"widget\" data-widget_type=\"image.default\">\n\t\t\t\t<div class=\"elementor-widget-container\">\n\t\t\t\t\t\t\t\t\t\t\t\t\t\t\t<img decoding=\"async\" width=\"1024\" height=\"683\" src=\"https:\/\/sonja-andris.de\/wp-content\/uploads\/2021\/05\/Profil_09542-1024x683.jpg\" class=\"attachment-large size-large wp-image-18\" alt=\"\" srcset=\"https:\/\/sonja-andris.de\/wp-content\/uploads\/2021\/05\/Profil_09542-1024x683.jpg 1024w, https:\/\/sonja-andris.de\/wp-content\/uploads\/2021\/05\/Profil_09542-300x200.jpg 300w, https:\/\/sonja-andris.de\/wp-content\/uploads\/2021\/05\/Profil_09542-768x512.jpg 768w, https:\/\/sonja-andris.de\/wp-content\/uploads\/2021\/05\/Profil_09542-1536x1025.jpg 1536w, https:\/\/sonja-andris.de\/wp-content\/uploads\/2021\/05\/Profil_09542.jpg 1920w\" sizes=\"(max-width: 1024px) 100vw, 1024px\" \/>\t\t\t\t\t\t\t\t\t\t\t\t\t\t\t<\/div>\n\t\t\t\t<\/div>\n\t\t\t\t\t<\/div>\n\t\t<\/div>\n\t\t\t\t\t<\/div>\n\t\t<\/section>\n\t\t\t\t<section class=\"elementor-section elementor-top-section elementor-element elementor-element-0e70572 elementor-section-boxed elementor-section-height-default elementor-section-height-default\" data-id=\"0e70572\" data-element_type=\"section\" data-e-type=\"section\" data-settings=\"{&quot;background_background&quot;:&quot;classic&quot;}\">\n\t\t\t\t\t\t<div class=\"elementor-container elementor-column-gap-default\">\n\t\t\t\t\t<div class=\"elementor-column elementor-col-100 elementor-top-column elementor-element elementor-element-116f756\" data-id=\"116f756\" data-element_type=\"column\" data-e-type=\"column\" data-settings=\"{&quot;background_background&quot;:&quot;classic&quot;}\">\n\t\t\t<div class=\"elementor-widget-wrap elementor-element-populated\">\n\t\t\t\t\t\t<div class=\"elementor-element elementor-element-9162df9 elementor-widget elementor-widget-text-editor\" data-id=\"9162df9\" data-element_type=\"widget\" data-e-type=\"widget\" data-widget_type=\"text-editor.default\">\n\t\t\t\t<div class=\"elementor-widget-container\">\n\t\t\t\t\t\t\t\t\t<hr \/>\n\n<div style=\"text-align: center; background: #f1e2cd; padding: 20px; margin: 0px;\">\n<h4>Anfrage f\u00fcr eine Schlafberatung<\/h4>\n\n<div class=\"wpcf7 no-js\" id=\"wpcf7-f147-o1\" lang=\"de-DE\" dir=\"ltr\" data-wpcf7-id=\"147\">\n<div class=\"screen-reader-response\"><p role=\"status\" aria-live=\"polite\" aria-atomic=\"true\"><\/p> <ul><\/ul><\/div>\n<form action=\"\/index.php\/wp-json\/wp\/v2\/pages\/58#wpcf7-f147-o1\" method=\"post\" class=\"wpcf7-form init\" aria-label=\"Kontaktformular\" novalidate=\"novalidate\" data-status=\"init\">\n<fieldset class=\"hidden-fields-container\"><input type=\"hidden\" name=\"_wpcf7\" value=\"147\" \/><input type=\"hidden\" name=\"_wpcf7_version\" value=\"6.1.5\" \/><input type=\"hidden\" name=\"_wpcf7_locale\" value=\"de_DE\" \/><input type=\"hidden\" name=\"_wpcf7_unit_tag\" value=\"wpcf7-f147-o1\" \/><input type=\"hidden\" name=\"_wpcf7_container_post\" value=\"0\" \/><input type=\"hidden\" name=\"_wpcf7_posted_data_hash\" value=\"\" \/>\n<\/fieldset>\n<p>Bitte f\u00fclle alle Felder aus:<br \/>\n<strong>\n\t\t<center>Angaben zu einem Elternteil:\n\t\t<\/center><\/strong><br \/>\n<span class=\"wpcf7-form-control-wrap\" data-name=\"your-name\"><input size=\"40\" maxlength=\"400\" class=\"wpcf7-form-control wpcf7-text wpcf7-validates-as-required\" aria-required=\"true\" aria-invalid=\"false\" placeholder=\"Vor- und Nachname\" value=\"\" type=\"text\" name=\"your-name\" \/><\/span><br \/>\n<span class=\"wpcf7-form-control-wrap\" data-name=\"Wohnort\"><input size=\"40\" maxlength=\"400\" class=\"wpcf7-form-control wpcf7-text wpcf7-validates-as-required\" aria-required=\"true\" aria-invalid=\"false\" placeholder=\"Wohnort\" value=\"\" type=\"text\" name=\"Wohnort\" \/><\/span><br \/>\n<span class=\"wpcf7-form-control-wrap\" data-name=\"your-email\"><input size=\"40\" maxlength=\"400\" class=\"wpcf7-form-control wpcf7-email wpcf7-validates-as-required wpcf7-text wpcf7-validates-as-email\" aria-required=\"true\" aria-invalid=\"false\" placeholder=\"G\u00fcltige E-Mail-Adresse\" value=\"\" type=\"email\" name=\"your-email\" \/><\/span><br \/>\n<span class=\"wpcf7-form-control-wrap\" data-name=\"tel-532\"><input size=\"40\" maxlength=\"400\" class=\"wpcf7-form-control wpcf7-tel wpcf7-validates-as-required wpcf7-text wpcf7-validates-as-tel\" aria-required=\"true\" aria-invalid=\"false\" placeholder=\"Telefon (Festnetz oder mobil)\" value=\"\" type=\"tel\" name=\"tel-532\" \/><\/span><br \/>\n<strong>\n\t\t<center>Angaben zum Kind:\n\t\t<\/center><\/strong><br \/>\n<span class=\"wpcf7-form-control-wrap\" data-name=\"NameKind\"><input size=\"40\" maxlength=\"400\" class=\"wpcf7-form-control wpcf7-text wpcf7-validates-as-required\" aria-required=\"true\" aria-invalid=\"false\" placeholder=\"Name des Kindes\" value=\"\" type=\"text\" name=\"NameKind\" \/><\/span><br \/>\n<span class=\"wpcf7-form-control-wrap\" data-name=\"date-439\"><input size=\"40\" maxlength=\"400\" class=\"wpcf7-form-control wpcf7-text wpcf7-validates-as-required\" aria-required=\"true\" aria-invalid=\"false\" placeholder=\"Geburtsdatum des Kindes\" value=\"\" type=\"text\" name=\"date-439\" \/><\/span><br \/>\n<strong>\n\t\t<center>Dein Anliegen und deine Fragen:\n\t\t<\/center><\/strong><br \/>\n<span class=\"wpcf7-form-control-wrap\" data-name=\"Nachricht\"><textarea cols=\"40\" rows=\"10\" maxlength=\"2000\" class=\"wpcf7-form-control wpcf7-textarea\" aria-invalid=\"false\" placeholder=\"Schreibe hier deine Nachricht.\" name=\"Nachricht\"><\/textarea><\/span><br \/>\n<strong>\n\t\t<center><span class=\"wpcf7-form-control-wrap\" data-name=\"checkbox-779\"><span class=\"wpcf7-form-control wpcf7-checkbox wpcf7-validates-as-required\"><span class=\"wpcf7-list-item first last\"><input type=\"checkbox\" name=\"checkbox-779[]\" value=\"Die Angaben zum Datenschutz habe ich zur Kenntnis genommen\" \/><span class=\"wpcf7-list-item-label\">Die Angaben zum Datenschutz habe ich zur Kenntnis genommen<\/span><\/span><\/span><\/span>\n\t\t<\/center><\/strong>\n<\/p>\n<center>\n\t<p><input class=\"wpcf7-form-control wpcf7-submit has-spinner\" type=\"submit\" value=\"Senden\" \/>\n\t<\/p>\n<\/center><div class=\"wpcf7-response-output\" aria-hidden=\"true\"><\/div>\n<\/form>\n<\/div>\n\n\n<\/div>\n\n<hr \/>\n\n<img decoding=\"async\" class=\"wp-image-180 size-full aligncenter\" src=\"https:\/\/sonja-andris.de\/wp-content\/uploads\/2021\/07\/Sleep4_1200.jpg\" alt=\"\" width=\"1200\" height=\"713\" srcset=\"https:\/\/sonja-andris.de\/wp-content\/uploads\/2021\/07\/Sleep4_1200.jpg 1200w, https:\/\/sonja-andris.de\/wp-content\/uploads\/2021\/07\/Sleep4_1200-300x178.jpg 300w, https:\/\/sonja-andris.de\/wp-content\/uploads\/2021\/07\/Sleep4_1200-1024x608.jpg 1024w, https:\/\/sonja-andris.de\/wp-content\/uploads\/2021\/07\/Sleep4_1200-768x456.jpg 768w\" sizes=\"(max-width: 1200px) 100vw, 1200px\" \/>\t\t\t\t\t\t\t\t<\/div>\n\t\t\t\t<\/div>\n\t\t\t\t\t<\/div>\n\t\t<\/div>\n\t\t\t\t\t<\/div>\n\t\t<\/section>\n\t\t\t\t<section class=\"elementor-section elementor-top-section elementor-element elementor-element-08990ed elementor-section-boxed elementor-section-height-default elementor-section-height-default\" data-id=\"08990ed\" data-element_type=\"section\" data-e-type=\"section\">\n\t\t\t\t\t\t<div class=\"elementor-container elementor-column-gap-default\">\n\t\t\t\t\t<div class=\"elementor-column elementor-col-100 elementor-top-column elementor-element elementor-element-2fefcf2\" data-id=\"2fefcf2\" data-element_type=\"column\" data-e-type=\"column\">\n\t\t\t<div class=\"elementor-widget-wrap elementor-element-populated\">\n\t\t\t\t\t\t<div class=\"elementor-element elementor-element-b59b06f elementor-widget elementor-widget-google_maps\" data-id=\"b59b06f\" data-element_type=\"widget\" data-e-type=\"widget\" data-widget_type=\"google_maps.default\">\n\t\t\t\t<div class=\"elementor-widget-container\">\n\t\t\t\t\t\t\t<div class=\"elementor-custom-embed\">\n\t\t\t<iframe loading=\"lazy\"\n\t\t\t\t\tsrc=\"https:\/\/maps.google.com\/maps?q=Sonja%20Andris%2C%20Eschenweg%201%2C%2079232%20March&#038;t=m&#038;z=11&#038;output=embed&#038;iwloc=near\"\n\t\t\t\t\ttitle=\"Sonja Andris, Eschenweg 1, 79232 March\"\n\t\t\t\t\taria-label=\"Sonja Andris, Eschenweg 1, 79232 March\"\n\t\t\t><\/iframe>\n\t\t<\/div>\n\t\t\t\t\t\t<\/div>\n\t\t\t\t<\/div>\n\t\t\t\t<div class=\"elementor-element elementor-element-bdbef00 elementor-widget elementor-widget-text-editor\" data-id=\"bdbef00\" data-element_type=\"widget\" data-e-type=\"widget\" data-widget_type=\"text-editor.default\">\n\t\t\t\t<div class=\"elementor-widget-container\">\n\t\t\t\t\t\t\t\t\t<p style=\"text-align: center;\"><strong>Kostenfreie Parkpl\u00e4tze sind vorhanden. <br \/>Gute Anbindung mit der S-Bahn, der Bahnhof Hugstetten liegt ca. 5 Minuten entfernt.<\/strong><\/p>\t\t\t\t\t\t\t\t<\/div>\n\t\t\t\t<\/div>\n\t\t\t\t\t<\/div>\n\t\t<\/div>\n\t\t\t\t\t<\/div>\n\t\t<\/section>\n\t\t\t\t<\/div>\n\t\t","protected":false},"excerpt":{"rendered":"<p>Schlafberatung f\u00fcr Babys und Kleinkinder Schlafen ist oft alles andere als kinderleicht \u2013 und manchmal braucht es einfach ein bisschen Unterst\u00fctzung.Gemeinsam finden wir M\u00f6glichkeiten und Wege, damit die N\u00e4chte wieder geruhsamer und die Tage entspannter werden. Mein Ziel ist es, dir Schritte und Hilfestellungen an die Hand zu geben, damit die Gro\u00dfen wieder erholsameren Schlaf [&hellip;]<\/p>\n","protected":false},"author":3,"featured_media":0,"parent":0,"menu_order":0,"comment_status":"closed","ping_status":"closed","template":"","meta":{"inline_featured_image":false,"site-sidebar-layout":"default","site-content-layout":"default","ast-site-content-layout":"default","site-content-style":"default","site-sidebar-style":"default","ast-global-header-display":"","ast-banner-title-visibility":"","ast-main-header-display":"","ast-hfb-above-header-display":"","ast-hfb-below-header-display":"","ast-hfb-mobile-header-display":"","site-post-title":"","ast-breadcrumbs-content":"","ast-featured-img":"","footer-sml-layout":"","ast-disable-related-posts":"","theme-transparent-header-meta":"default","adv-header-id-meta":"","stick-header-meta":"","header-above-stick-meta":"","header-main-stick-meta":"","header-below-stick-meta":"","astra-migrate-meta-layouts":"set","ast-page-background-enabled":"default","ast-page-background-meta":{"desktop":{"background-color":"","background-image":"","background-repeat":"repeat","background-position":"center center","background-size":"auto","background-attachment":"scroll","background-type":"","background-media":"","overlay-type":"","overlay-color":"","overlay-opacity":"","overlay-gradient":""},"tablet":{"background-color":"","background-image":"","background-repeat":"repeat","background-position":"center center","background-size":"auto","background-attachment":"scroll","background-type":"","background-media":"","overlay-type":"","overlay-color":"","overlay-opacity":"","overlay-gradient":""},"mobile":{"background-color":"","background-image":"","background-repeat":"repeat","background-position":"center center","background-size":"auto","background-attachment":"scroll","background-type":"","background-media":"","overlay-type":"","overlay-color":"","overlay-opacity":"","overlay-gradient":""}},"ast-content-background-meta":{"desktop":{"background-color":"var(--ast-global-color-5)","background-image":"","background-repeat":"repeat","background-position":"center center","background-size":"auto","background-attachment":"scroll","background-type":"","background-media":"","overlay-type":"","overlay-color":"","overlay-opacity":"","overlay-gradient":""},"tablet":{"background-color":"var(--ast-global-color-5)","background-image":"","background-repeat":"repeat","background-position":"center center","background-size":"auto","background-attachment":"scroll","background-type":"","background-media":"","overlay-type":"","overlay-color":"","overlay-opacity":"","overlay-gradient":""},"mobile":{"background-color":"var(--ast-global-color-5)","background-image":"","background-repeat":"repeat","background-position":"center center","background-size":"auto","background-attachment":"scroll","background-type":"","background-media":"","overlay-type":"","overlay-color":"","overlay-opacity":"","overlay-gradient":""}},"footnotes":""},"class_list":["post-58","page","type-page","status-publish","hentry"],"yoast_head":"<title>Schlafberatung f\u00fcr erholsame N\u00e4chte und entspannte Tage - Sonja Andris<\/title>\n<meta name=\"description\" content=\"Schlafberatung hilft dir, individuelle L\u00f6sungen f\u00fcr besseren Schlaf zu finden. Erlebe entspannte N\u00e4chte und gl\u00fcckliche Tage.\" \/>\n<meta name=\"robots\" content=\"index, follow, max-snippet:-1, max-image-preview:large, max-video-preview:-1\" \/>\n<link rel=\"canonical\" href=\"https:\/\/sonja-andris.de\/index.php\/schlafberatung\/\" \/>\n<meta property=\"og:locale\" content=\"de_DE\" \/>\n<meta property=\"og:type\" content=\"article\" \/>\n<meta property=\"og:title\" content=\"Schlafberatung f\u00fcr erholsame N\u00e4chte und entspannte Tage - Sonja Andris\" \/>\n<meta property=\"og:description\" content=\"Schlafberatung hilft dir, individuelle L\u00f6sungen f\u00fcr besseren Schlaf zu finden. Erlebe entspannte N\u00e4chte und gl\u00fcckliche Tage.\" \/>\n<meta property=\"og:url\" content=\"https:\/\/sonja-andris.de\/index.php\/schlafberatung\/\" \/>\n<meta property=\"og:site_name\" content=\"Sonja Andris\" \/>\n<meta property=\"article:modified_time\" content=\"2026-04-18T18:17:16+00:00\" \/>\n<meta property=\"og:image\" content=\"https:\/\/sonja-andris.de\/wp-content\/uploads\/2021\/07\/Schlaf_Start_6259.jpg\" \/>\n<meta name=\"twitter:card\" content=\"summary_large_image\" \/>\n<meta name=\"twitter:label1\" content=\"Gesch\u00e4tzte Lesezeit\" \/>\n\t<meta name=\"twitter:data1\" content=\"4\u00a0Minuten\" \/>\n<script type=\"application\/ld+json\" class=\"yoast-schema-graph\">{\"@context\":\"https:\\\/\\\/schema.org\",\"@graph\":[{\"@type\":\"WebPage\",\"@id\":\"https:\\\/\\\/sonja-andris.de\\\/index.php\\\/schlafberatung\\\/\",\"url\":\"https:\\\/\\\/sonja-andris.de\\\/index.php\\\/schlafberatung\\\/\",\"name\":\"Schlafberatung f\u00fcr erholsame N\u00e4chte und entspannte Tage - Sonja Andris\",\"isPartOf\":{\"@id\":\"https:\\\/\\\/sonja-andris.de\\\/#website\"},\"primaryImageOfPage\":{\"@id\":\"https:\\\/\\\/sonja-andris.de\\\/index.php\\\/schlafberatung\\\/#primaryimage\"},\"image\":{\"@id\":\"https:\\\/\\\/sonja-andris.de\\\/index.php\\\/schlafberatung\\\/#primaryimage\"},\"thumbnailUrl\":\"https:\\\/\\\/sonja-andris.de\\\/wp-content\\\/uploads\\\/2021\\\/07\\\/Schlaf_Start_6259.jpg\",\"datePublished\":\"2021-07-24T16:40:57+00:00\",\"dateModified\":\"2026-04-18T18:17:16+00:00\",\"description\":\"Schlafberatung hilft dir, individuelle L\u00f6sungen f\u00fcr besseren Schlaf zu finden. Erlebe entspannte N\u00e4chte und gl\u00fcckliche Tage.\",\"breadcrumb\":{\"@id\":\"https:\\\/\\\/sonja-andris.de\\\/index.php\\\/schlafberatung\\\/#breadcrumb\"},\"inLanguage\":\"de\",\"potentialAction\":[{\"@type\":\"ReadAction\",\"target\":[\"https:\\\/\\\/sonja-andris.de\\\/index.php\\\/schlafberatung\\\/\"]}]},{\"@type\":\"ImageObject\",\"inLanguage\":\"de\",\"@id\":\"https:\\\/\\\/sonja-andris.de\\\/index.php\\\/schlafberatung\\\/#primaryimage\",\"url\":\"https:\\\/\\\/sonja-andris.de\\\/wp-content\\\/uploads\\\/2021\\\/07\\\/Schlaf_Start_6259.jpg\",\"contentUrl\":\"https:\\\/\\\/sonja-andris.de\\\/wp-content\\\/uploads\\\/2021\\\/07\\\/Schlaf_Start_6259.jpg\",\"width\":1920,\"height\":1280},{\"@type\":\"BreadcrumbList\",\"@id\":\"https:\\\/\\\/sonja-andris.de\\\/index.php\\\/schlafberatung\\\/#breadcrumb\",\"itemListElement\":[{\"@type\":\"ListItem\",\"position\":1,\"name\":\"Start\",\"item\":\"https:\\\/\\\/sonja-andris.de\\\/\"},{\"@type\":\"ListItem\",\"position\":2,\"name\":\"Schlafberatung\"}]},{\"@type\":\"WebSite\",\"@id\":\"https:\\\/\\\/sonja-andris.de\\\/#website\",\"url\":\"https:\\\/\\\/sonja-andris.de\\\/\",\"name\":\"Sonja Andris\",\"description\":\"Stillberatung,PEKIP, Schlafberatung \u00b7\u00a0Freiburg \u00b7 March\",\"publisher\":{\"@id\":\"https:\\\/\\\/sonja-andris.de\\\/#\\\/schema\\\/person\\\/df636b0c2f8d4f5d72fea1f326bb6856\"},\"potentialAction\":[{\"@type\":\"SearchAction\",\"target\":{\"@type\":\"EntryPoint\",\"urlTemplate\":\"https:\\\/\\\/sonja-andris.de\\\/?s={search_term_string}\"},\"query-input\":{\"@type\":\"PropertyValueSpecification\",\"valueRequired\":true,\"valueName\":\"search_term_string\"}}],\"inLanguage\":\"de\"},{\"@type\":[\"Person\",\"Organization\"],\"@id\":\"https:\\\/\\\/sonja-andris.de\\\/#\\\/schema\\\/person\\\/df636b0c2f8d4f5d72fea1f326bb6856\",\"name\":\"Sonja\",\"image\":{\"@type\":\"ImageObject\",\"inLanguage\":\"de\",\"@id\":\"https:\\\/\\\/sonja-andris.de\\\/wp-content\\\/uploads\\\/2023\\\/12\\\/Andris_Header_2023C.jpg\",\"url\":\"https:\\\/\\\/sonja-andris.de\\\/wp-content\\\/uploads\\\/2023\\\/12\\\/Andris_Header_2023C.jpg\",\"contentUrl\":\"https:\\\/\\\/sonja-andris.de\\\/wp-content\\\/uploads\\\/2023\\\/12\\\/Andris_Header_2023C.jpg\",\"width\":801,\"height\":265,\"caption\":\"Sonja\"},\"logo\":{\"@id\":\"https:\\\/\\\/sonja-andris.de\\\/wp-content\\\/uploads\\\/2023\\\/12\\\/Andris_Header_2023C.jpg\"}}]}<\/script>","yoast_head_json":{"title":"Schlafberatung f\u00fcr erholsame N\u00e4chte und entspannte Tage - Sonja Andris","description":"Schlafberatung hilft dir, individuelle L\u00f6sungen f\u00fcr besseren Schlaf zu finden. Erlebe entspannte N\u00e4chte und gl\u00fcckliche Tage.","robots":{"index":"index","follow":"follow","max-snippet":"max-snippet:-1","max-image-preview":"max-image-preview:large","max-video-preview":"max-video-preview:-1"},"canonical":"https:\/\/sonja-andris.de\/index.php\/schlafberatung\/","og_locale":"de_DE","og_type":"article","og_title":"Schlafberatung f\u00fcr erholsame N\u00e4chte und entspannte Tage - Sonja Andris","og_description":"Schlafberatung hilft dir, individuelle L\u00f6sungen f\u00fcr besseren Schlaf zu finden. Erlebe entspannte N\u00e4chte und gl\u00fcckliche Tage.","og_url":"https:\/\/sonja-andris.de\/index.php\/schlafberatung\/","og_site_name":"Sonja Andris","article_modified_time":"2026-04-18T18:17:16+00:00","og_image":[{"url":"https:\/\/sonja-andris.de\/wp-content\/uploads\/2021\/07\/Schlaf_Start_6259.jpg","type":"","width":"","height":""}],"twitter_card":"summary_large_image","twitter_misc":{"Gesch\u00e4tzte Lesezeit":"4\u00a0Minuten"},"schema":{"@context":"https:\/\/schema.org","@graph":[{"@type":"WebPage","@id":"https:\/\/sonja-andris.de\/index.php\/schlafberatung\/","url":"https:\/\/sonja-andris.de\/index.php\/schlafberatung\/","name":"Schlafberatung f\u00fcr erholsame N\u00e4chte und entspannte Tage - Sonja Andris","isPartOf":{"@id":"https:\/\/sonja-andris.de\/#website"},"primaryImageOfPage":{"@id":"https:\/\/sonja-andris.de\/index.php\/schlafberatung\/#primaryimage"},"image":{"@id":"https:\/\/sonja-andris.de\/index.php\/schlafberatung\/#primaryimage"},"thumbnailUrl":"https:\/\/sonja-andris.de\/wp-content\/uploads\/2021\/07\/Schlaf_Start_6259.jpg","datePublished":"2021-07-24T16:40:57+00:00","dateModified":"2026-04-18T18:17:16+00:00","description":"Schlafberatung hilft dir, individuelle L\u00f6sungen f\u00fcr besseren Schlaf zu finden. Erlebe entspannte N\u00e4chte und gl\u00fcckliche Tage.","breadcrumb":{"@id":"https:\/\/sonja-andris.de\/index.php\/schlafberatung\/#breadcrumb"},"inLanguage":"de","potentialAction":[{"@type":"ReadAction","target":["https:\/\/sonja-andris.de\/index.php\/schlafberatung\/"]}]},{"@type":"ImageObject","inLanguage":"de","@id":"https:\/\/sonja-andris.de\/index.php\/schlafberatung\/#primaryimage","url":"https:\/\/sonja-andris.de\/wp-content\/uploads\/2021\/07\/Schlaf_Start_6259.jpg","contentUrl":"https:\/\/sonja-andris.de\/wp-content\/uploads\/2021\/07\/Schlaf_Start_6259.jpg","width":1920,"height":1280},{"@type":"BreadcrumbList","@id":"https:\/\/sonja-andris.de\/index.php\/schlafberatung\/#breadcrumb","itemListElement":[{"@type":"ListItem","position":1,"name":"Start","item":"https:\/\/sonja-andris.de\/"},{"@type":"ListItem","position":2,"name":"Schlafberatung"}]},{"@type":"WebSite","@id":"https:\/\/sonja-andris.de\/#website","url":"https:\/\/sonja-andris.de\/","name":"Sonja Andris","description":"Stillberatung,PEKIP, Schlafberatung \u00b7\u00a0Freiburg \u00b7 March","publisher":{"@id":"https:\/\/sonja-andris.de\/#\/schema\/person\/df636b0c2f8d4f5d72fea1f326bb6856"},"potentialAction":[{"@type":"SearchAction","target":{"@type":"EntryPoint","urlTemplate":"https:\/\/sonja-andris.de\/?s={search_term_string}"},"query-input":{"@type":"PropertyValueSpecification","valueRequired":true,"valueName":"search_term_string"}}],"inLanguage":"de"},{"@type":["Person","Organization"],"@id":"https:\/\/sonja-andris.de\/#\/schema\/person\/df636b0c2f8d4f5d72fea1f326bb6856","name":"Sonja","image":{"@type":"ImageObject","inLanguage":"de","@id":"https:\/\/sonja-andris.de\/wp-content\/uploads\/2023\/12\/Andris_Header_2023C.jpg","url":"https:\/\/sonja-andris.de\/wp-content\/uploads\/2023\/12\/Andris_Header_2023C.jpg","contentUrl":"https:\/\/sonja-andris.de\/wp-content\/uploads\/2023\/12\/Andris_Header_2023C.jpg","width":801,"height":265,"caption":"Sonja"},"logo":{"@id":"https:\/\/sonja-andris.de\/wp-content\/uploads\/2023\/12\/Andris_Header_2023C.jpg"}}]}},"_links":{"self":[{"href":"https:\/\/sonja-andris.de\/index.php\/wp-json\/wp\/v2\/pages\/58","targetHints":{"allow":["GET"]}}],"collection":[{"href":"https:\/\/sonja-andris.de\/index.php\/wp-json\/wp\/v2\/pages"}],"about":[{"href":"https:\/\/sonja-andris.de\/index.php\/wp-json\/wp\/v2\/types\/page"}],"author":[{"embeddable":true,"href":"https:\/\/sonja-andris.de\/index.php\/wp-json\/wp\/v2\/users\/3"}],"replies":[{"embeddable":true,"href":"https:\/\/sonja-andris.de\/index.php\/wp-json\/wp\/v2\/comments?post=58"}],"version-history":[{"count":22,"href":"https:\/\/sonja-andris.de\/index.php\/wp-json\/wp\/v2\/pages\/58\/revisions"}],"predecessor-version":[{"id":916,"href":"https:\/\/sonja-andris.de\/index.php\/wp-json\/wp\/v2\/pages\/58\/revisions\/916"}],"wp:attachment":[{"href":"https:\/\/sonja-andris.de\/index.php\/wp-json\/wp\/v2\/media?parent=58"}],"curies":[{"name":"wp","href":"https:\/\/api.w.org\/{rel}","templated":true}]}}